{"id":426445,"date":"2024-08-08T15:16:53","date_gmt":"2024-08-08T13:16:53","guid":{"rendered":"https:\/\/www.daisho.be\/preguntas-frecuentes\/"},"modified":"2026-04-20T14:36:57","modified_gmt":"2026-04-20T12:36:57","slug":"preguntas-frecuentes","status":"publish","type":"page","link":"https:\/\/www.daisho.be\/es\/preguntas-frecuentes\/","title":{"rendered":"PREGUNTAS FRECUENTES"},"content":{"rendered":"\n<h2 class=\"wp-block-heading\"><strong>Preguntas m\u00e1s frecuentes<\/strong><\/h2>\n\n<p><strong>Nuestras preguntas frecuentes han sido dise\u00f1adas para darte todas las respuestas que necesitas.  <\/strong><\/p>\n\n<p><strong>Aqu\u00ed encontrar\u00e1s informaci\u00f3n sobre nuestro servicio de entrega, devoluciones y cambios.<\/strong><\/p>\n\n<div style=\"height:15px\" aria-hidden=\"true\" class=\"wp-block-spacer\"><\/div>\n\n<h2 class=\"wp-block-heading\"><strong>Secci\u00f3n 1. Entregas <\/strong>  o retirada.<\/h2>\n\n<div style=\"height:15px\" aria-hidden=\"true\" class=\"wp-block-spacer\"><\/div>\n\n<div class=\"wp-block-getwid-accordion has-icon-left\" data-active-element=\"none\">\n<div class=\"wp-block-getwid-accordion__header-wrapper\"><span class=\"wp-block-getwid-accordion__header\"><a href=\"#\"><span class=\"wp-block-getwid-accordion__header-title\"><strong>Quels sont vos pays de livraison ?<\/strong><\/span><span class=\"wp-block-getwid-accordion__icon is-active\"><i class=\"fas fa-angle-double-right\"><\/i><\/span><span class=\"wp-block-getwid-accordion__icon is-passive\"><i class=\"fas fa-minus\"><\/i><\/span><\/a><\/span><\/div><div class=\"wp-block-getwid-accordion__content-wrapper\"><div class=\"wp-block-getwid-accordion__content\">\n<p>Realizamos env\u00edos a toda la UE: Alemania, Austria, B\u00e9lgica, Bulgaria, Chipre, Croacia, Dinamarca, Eslovaquia, Eslovenia, Espa\u00f1a, Estonia, Finlandia, Francia*, Grecia*, Hungr\u00eda, Irlanda, Italia*, Letonia, Lituania, Luxemburgo, Malta, Pa\u00edses Bajos, Polonia, Portugal, Reino Unido*, Rep\u00fablica Checa, Ruman\u00eda, Suecia* y Suiza*.<\/p>\n\n\n\n<p class=\"has-text-font-size\">*Destinos con suplementos o restricciones.  <\/p>\n\n\n\n<p class=\"has-text-font-size\">Ponte en contacto con nosotros para obtener m\u00e1s informaci\u00f3n.<\/p>\n<\/div><\/div>\n\n\n\n<div class=\"wp-block-getwid-accordion__header-wrapper\"><span class=\"wp-block-getwid-accordion__header\"><a href=\"#\"><span class=\"wp-block-getwid-accordion__header-title\"><strong>Combien co\u00fbtent les frais de livraison ?<\/strong><\/span><span class=\"wp-block-getwid-accordion__icon is-active\"><i class=\"fas fa-angle-double-right\"><\/i><\/span><span class=\"wp-block-getwid-accordion__icon is-passive\"><i class=\"fas fa-minus\"><\/i><\/span><\/a><\/span><\/div><div class=\"wp-block-getwid-accordion__content-wrapper\"><div class=\"wp-block-getwid-accordion__content\">\n<p>Los gastos de env\u00edo* var\u00edan en funci\u00f3n de tu zona de entrega, el valor de tu pedido y el art\u00edculo pedido.<\/p>\n\n\n\n<p style=\"font-size:14px\">*\u00a1Gastos de env\u00edo gratuitos por compras superiores a 100 euros! (excepto art\u00edculos voluminosos o pesados, o art\u00edculos fuera de nuestra zona de entrega) <\/p>\n\n\n\n<p><br\/>P<strong>osibles suplementos<\/strong> Determinados destinos (islas, zonas que requieren despacho de aduanas, etc.) pueden incurrir en gastos adicionales.<\/p>\n<\/div><\/div>\n\n\n\n<div class=\"wp-block-getwid-accordion__header-wrapper\"><span class=\"wp-block-getwid-accordion__header\"><a href=\"#\"><span class=\"wp-block-getwid-accordion__header-title\"><strong>Quels sont les d\u00e9lais de livraison ?<\/strong><\/span><span class=\"wp-block-getwid-accordion__icon is-active\"><i class=\"fas fa-angle-double-right\"><\/i><\/span><span class=\"wp-block-getwid-accordion__icon is-passive\"><i class=\"fas fa-minus\"><\/i><\/span><\/a><\/span><\/div><div class=\"wp-block-getwid-accordion__content-wrapper\"><div class=\"wp-block-getwid-accordion__content\">\n<p>Los plazos de entrega dependen de tu zona geogr\u00e1fica, del pa\u00eds y del m\u00e9todo de entrega que elijas. En general, son de entre 2 y 5 d\u00edas laborables. <\/p>\n\n\n\n<p class=\"has-text-smaller-font-size\"><em>De conformidad con nuestras Condiciones Generales de Venta, nos comprometemos a enviar tu pedido en un plazo m\u00e1ximo de 10 d\u00edas laborables a partir de su validaci\u00f3n, a reserva de la disponibilidad de los productos en stock.<\/em><\/p>\n<\/div><\/div>\n\n\n\n<div class=\"wp-block-getwid-accordion__header-wrapper\"><span class=\"wp-block-getwid-accordion__header\"><a href=\"#\"><span class=\"wp-block-getwid-accordion__header-title\"><strong>Que faire si mon adresse n&#8217;est pas dans une zone de livraison ?<\/strong><\/span><span class=\"wp-block-getwid-accordion__icon is-active\"><i class=\"fas fa-angle-double-right\"><\/i><\/span><span class=\"wp-block-getwid-accordion__icon is-passive\"><i class=\"fas fa-minus\"><\/i><\/span><\/a><\/span><\/div><div class=\"wp-block-getwid-accordion__content-wrapper\"><div class=\"wp-block-getwid-accordion__content\">\n<p>Ponte en contacto con nosotros para obtener un presupuesto de entrega.<\/p>\n<\/div><\/div>\n\n\n\n<div class=\"wp-block-getwid-accordion__header-wrapper\"><span class=\"wp-block-getwid-accordion__header\"><a href=\"#\"><span class=\"wp-block-getwid-accordion__header-title\"><strong>Comment passer commande avec une demande de devis ?<\/strong><\/span><span class=\"wp-block-getwid-accordion__icon is-active\"><i class=\"fas fa-angle-double-right\"><\/i><\/span><span class=\"wp-block-getwid-accordion__icon is-passive\"><i class=\"fas fa-minus\"><\/i><\/span><\/a><\/span><\/div><div class=\"wp-block-getwid-accordion__content-wrapper\"><div class=\"wp-block-getwid-accordion__content\">\n<p>Para obtener un presupuesto antes de finalizar tu pedido, sigue los pasos que se indican a continuaci\u00f3n:<\/p>\n\n\n\n<ol class=\"wp-block-list\">\n<li>Ve a la p\u00e1gina del art\u00edculo.<\/li>\n\n\n\n<li>A\u00f1ade el producto a tu cesta.<\/li>\n\n\n\n<li>Ve a la p\u00e1gina de pago.<\/li>\n\n\n\n<li>Haz clic en la opci\u00f3n \u00abSolicitar presupuesto\u00bb.<\/li>\n<\/ol>\n\n\n\n<p>En cuanto recibamos tu solicitud, nuestro equipo a\u00f1adir\u00e1 los gastos de env\u00edo exactos (DHL Express).<br\/>A continuaci\u00f3n, puedes confirmar tu pedido y proceder al pago.<\/p>\n\n\n\n<p>Si necesitas m\u00e1s ayuda, nuestro equipo de atenci\u00f3n al cliente estar\u00e1 encantado de ayudarte.<\/p>\n<\/div><\/div>\n\n\n\n<div class=\"wp-block-getwid-accordion__header-wrapper\"><span class=\"wp-block-getwid-accordion__header\"><a href=\"#\"><span class=\"wp-block-getwid-accordion__header-title\"><strong>Que signifie r\u00e9gions \u00e9loign\u00e9es (RE*)<\/strong> <strong>?<\/strong><\/span><span class=\"wp-block-getwid-accordion__icon is-active\"><i class=\"fas fa-angle-double-right\"><\/i><\/span><span class=\"wp-block-getwid-accordion__icon is-passive\"><i class=\"fas fa-minus\"><\/i><\/span><\/a><\/span><\/div><div class=\"wp-block-getwid-accordion__content-wrapper\"><div class=\"wp-block-getwid-accordion__content\">\n<p>En cuanto a la entrega, las \u00abzonas remotas\u00bb (RE*) del transportista se refieren a lugares de dif\u00edcil acceso o aislados, como algunas islas o regiones monta\u00f1osas. Para estas zonas, el transportista cobra un suplemento porque la entrega puede ser m\u00e1s compleja y costosa. <\/p>\n<\/div><\/div>\n\n\n\n<div class=\"wp-block-getwid-accordion__header-wrapper\"><span class=\"wp-block-getwid-accordion__header\"><a href=\"#\"><span class=\"wp-block-getwid-accordion__header-title\"><strong>Comment puis-je suivre ma commande ?<\/strong><\/span><span class=\"wp-block-getwid-accordion__icon is-active\"><i class=\"fas fa-angle-double-right\"><\/i><\/span><span class=\"wp-block-getwid-accordion__icon is-passive\"><i class=\"fas fa-minus\"><\/i><\/span><\/a><\/span><\/div><div class=\"wp-block-getwid-accordion__content-wrapper\"><div class=\"wp-block-getwid-accordion__content\">\n<p>Recibir\u00e1s un correo electr\u00f3nico de confirmaci\u00f3n del env\u00edo con un enlace para realizar el seguimiento de tu pedido.  <\/p>\n<\/div><\/div>\n\n\n\n<div class=\"wp-block-getwid-accordion__header-wrapper\"><span class=\"wp-block-getwid-accordion__header\"><a href=\"#\"><span class=\"wp-block-getwid-accordion__header-title\"><strong>Pourquoi ne puis-je pas choisir mon point relais pour la livraison ?<\/strong><\/span><span class=\"wp-block-getwid-accordion__icon is-active\"><i class=\"fas fa-angle-double-right\"><\/i><\/span><span class=\"wp-block-getwid-accordion__icon is-passive\"><i class=\"fas fa-minus\"><\/i><\/span><\/a><\/span><\/div><div class=\"wp-block-getwid-accordion__content-wrapper\"><div class=\"wp-block-getwid-accordion__content\">\n<p>Cuando se crea la etiqueta de entrega, el sistema del transportista selecciona autom\u00e1ticamente el punto de relevo m\u00e1s cercano a tu domicilio.<\/p>\n\n\n\n<p>As\u00ed que normalmente no necesitas tomar ninguna medida especial para elegir un punto de relevo.<\/p>\n\n\n\n<p>No obstante, si lo deseas, puedes indicarnos cu\u00e1l es el punto de relevo que m\u00e1s te conviene.  <\/p>\n\n\n\n<p>Si podemos seleccionarlo manualmente, estaremos encantados de hacerlo.<\/p>\n<\/div><\/div>\n\n\n\n<div class=\"wp-block-getwid-accordion__header-wrapper\"><span class=\"wp-block-getwid-accordion__header\"><a href=\"#\"><span class=\"wp-block-getwid-accordion__header-title\"><strong>Retrait sur place ?<\/strong><\/span><span class=\"wp-block-getwid-accordion__icon is-active\"><i class=\"fas fa-angle-double-right\"><\/i><\/span><span class=\"wp-block-getwid-accordion__icon is-passive\"><i class=\"fas fa-minus\"><\/i><\/span><\/a><\/span><\/div><div class=\"wp-block-getwid-accordion__content-wrapper\"><div class=\"wp-block-getwid-accordion__content\">\n<p>\u00bfQuieres recoger tu pedido en daisho.be o en synergies-vector.com? \u00a1No hay ning\u00fan problema!   <\/p>\n\n\n\n<p>Ponte en contacto con nosotros para concertar una cita y recoger tu paquete directamente en nuestras instalaciones.<\/p>\n\n\n\n<p>No olvides indicar tu n\u00famero de pedido al realizar los cambios.<\/p>\n\n\n\n<p>Los horarios de recogida son :<\/p>\n\n\n\n<p><span class=\"wp-rich-text-font-awesome-icon wp-font-awesome-icon\"><svg xmlns=\"http:\/\/www.w3.org\/2000\/svg\" aria-hidden=\"true\" focusable=\"false\" data-prefix=\"fas\" data-icon=\"arrow-right\" class=\"svg-inline--fa fa-arrow-right \" role=\"img\" viewbox=\"0 0 448 512\"><path fill=\"currentColor\" d=\"M438.6 278.6c12.5-12.5 12.5-32.8 0-45.3l-160-160c-12.5-12.5-32.8-12.5-45.3 0s-12.5 32.8 0 45.3L338.8 224 32 224c-17.7 0-32 14.3-32 32s14.3 32 32 32l306.7 0L233.4 393.4c-12.5 12.5-12.5 32.8 0 45.3s32.8 12.5 45.3 0l160-160z\"><\/path><\/svg><\/span>  De lunes a viernes: de 9 a 17 h.<\/p>\n\n\n\n<p>Fuera de estos horarios, no dudes en ponerte en contacto con nosotros. Podremos ofrecerte otras franjas horarias en funci\u00f3n de nuestra disponibilidad. <\/p>\n\n\n\n<p><em>S\u00f3lo disponible para residentes en B\u00e9lgica.<\/em><\/p>\n<\/div><\/div>\n\n\n\n<div class=\"wp-block-getwid-accordion__header-wrapper\"><span class=\"wp-block-getwid-accordion__header\"><a href=\"#\"><span class=\"wp-block-getwid-accordion__header-title\"><strong>Puis-je proc\u00e9der \u00e0 l\u2019enl\u00e8vement de ma commande par mes soins ?<\/strong><\/span><span class=\"wp-block-getwid-accordion__icon is-active\"><i class=\"fas fa-angle-double-right\"><\/i><\/span><span class=\"wp-block-getwid-accordion__icon is-passive\"><i class=\"fas fa-minus\"><\/i><\/span><\/a><\/span><\/div><div class=\"wp-block-getwid-accordion__content-wrapper\"><div class=\"wp-block-getwid-accordion__content\">\n<p>S\u00ed, puedes hacer que el transportista que elijas recoja tu pedido.<br\/>Cuando hagas tu compra, selecciona la opci\u00f3n \u00abRecogida por tu transportista\u00bb. No facturaremos gastos de env\u00edo. <\/p>\n\n\n\n<p>Las recogidas se pueden realizar en los siguientes horarios:<br\/>De lunes a viernes: de 9.00 a 17.00 h.<\/p>\n\n\n\n<p>Ponte en contacto con nosotros s\u00f3lo por correo electr\u00f3nico en esta direcci\u00f3n: <a href=\"mailto:f.leuci@daisho.be\" id=\"f.leuci@daisho.be\">atenci\u00f3n al cliente<\/a>, para organizar la recogida.<\/p>\n\n\n\n<p class=\"has-button-primary-color has-text-color has-link-color wp-elements-02e08c8a6909c6f702bee69c60f652b1\"><strong>S\u00f3lo podr\u00e1s organizar la recogida cuando hayas recibido la confirmaci\u00f3n de que tu pedido est\u00e1 disponible.<\/strong><br\/><\/p>\n<\/div><\/div>\n<\/div>\n\n<div style=\"height:15px\" aria-hidden=\"true\" class=\"wp-block-spacer\"><\/div>\n\n<h2 class=\"wp-block-heading\"><strong>Secci\u00f3n 2.  <strong>Intercambios<\/strong><\/strong><\/h2>\n\n<div style=\"height:15px\" aria-hidden=\"true\" class=\"wp-block-spacer\"><\/div>\n\n<div class=\"wp-block-getwid-accordion has-icon-left\" data-active-element=\"none\">\n<div class=\"wp-block-getwid-accordion__header-wrapper\"><span class=\"wp-block-getwid-accordion__header\"><a href=\"#\"><span class=\"wp-block-getwid-accordion__header-title\"><strong>Que faire si l\u2019article ne me convient pas ?<\/strong><\/span><span class=\"wp-block-getwid-accordion__icon is-active\"><i class=\"fas fa-angle-double-right\"><\/i><\/span><span class=\"wp-block-getwid-accordion__icon is-passive\"><i class=\"fas fa-minus\"><\/i><\/span><\/a><\/span><\/div><div class=\"wp-block-getwid-accordion__content-wrapper\"><div class=\"wp-block-getwid-accordion__content\">\n<p><strong>Ponte en contacto con nosotros para encontrar la mejor soluci\u00f3n posible.<\/strong><\/p>\n\n\n\n<p><strong>Condiciones de admisi\u00f3n al intercambio :<\/strong><\/p>\n\n\n\n<ul class=\"wp-block-list\">\n<li>S\u00f3lo se admiten cambios de productos devueltos en su embalaje original y sin usar.<\/li>\n<\/ul>\n\n\n\n<p><\/p>\n\n\n\n<p><strong>Nota:<\/strong> Debido a su car\u00e1cter personalizado o espec\u00edfico, los siguientes art\u00edculos no pueden devolverse ni cambiarse:<\/p>\n\n\n\n<ul class=\"wp-block-list\">\n<li>Art\u00edculos con bordados personalizados (cinturones, karat\u00e9gis, judogis, etc.): Estos art\u00edculos se fabrican a medida seg\u00fan tus especificaciones.<\/li>\n\n\n\n<li>Productos nutricionales (comidas deshidratadas, alimentos y complementos alimenticios, etc.): Por razones de higiene y seguridad alimentaria.<\/li>\n\n\n\n<li>Elementos de protecci\u00f3n (Protectores bucales): Por razones de higiene.<\/li>\n<\/ul>\n\n\n\n<p><\/p>\n\n\n\n<p>Para m\u00e1s informaci\u00f3n, consulta nuestras Condiciones Generales de Venta.<\/p>\n<\/div><\/div>\n\n\n\n<div class=\"wp-block-getwid-accordion__header-wrapper\"><span class=\"wp-block-getwid-accordion__header\"><a href=\"#\"><span class=\"wp-block-getwid-accordion__header-title\"><strong>En cas d\u2019\u00e9change, qui prend en charge les frais ?<\/strong><\/span><span class=\"wp-block-getwid-accordion__icon is-active\"><i class=\"fas fa-angle-double-right\"><\/i><\/span><span class=\"wp-block-getwid-accordion__icon is-passive\"><i class=\"fas fa-minus\"><\/i><\/span><\/a><\/span><\/div><div class=\"wp-block-getwid-accordion__content-wrapper\"><div class=\"wp-block-getwid-accordion__content\">\n<p>Devolver\u00e1s los art\u00edculos a tu cargo y correr\u00e1s con los gastos de reenv\u00edo.<\/p>\n<\/div><\/div>\n<\/div>\n\n<div style=\"height:15px\" aria-hidden=\"true\" class=\"wp-block-spacer\"><\/div>\n\n<h2 class=\"wp-block-heading\"><strong><strong>Secci\u00f3n 3. Retirada o cancelaci\u00f3n <\/strong><\/strong><\/h2>\n\n<div style=\"height:15px\" aria-hidden=\"true\" class=\"wp-block-spacer\"><\/div>\n\n<div class=\"wp-block-getwid-accordion has-icon-left\" data-active-element=\"none\">\n<div class=\"wp-block-getwid-accordion__header-wrapper\"><span class=\"wp-block-getwid-accordion__header\"><a href=\"#\"><span class=\"wp-block-getwid-accordion__header-title\"><strong>Je souhaite me r\u00e9tracter, quelle est la proc\u00e9dure ?<\/strong><\/span><span class=\"wp-block-getwid-accordion__icon is-active\"><i class=\"fas fa-angle-double-right\"><\/i><\/span><span class=\"wp-block-getwid-accordion__icon is-passive\"><i class=\"fas fa-minus\"><\/i><\/span><\/a><\/span><\/div><div class=\"wp-block-getwid-accordion__content-wrapper\"><div class=\"wp-block-getwid-accordion__content\">\n<p>Si deseas anular tu pedido, ponte en contacto con nuestro Servicio<a href=\"mailto:f.leuci@daisho.be\" target=\"_blank\" rel=\"noreferrer noopener\">de Atenci\u00f3n al Cliente \u00fanicamente por correo electr\u00f3nico: <\/a><a href=\"mailto:f.leuci@daisho.be\"><\/a>Servicio de Atenci\u00f3n al Cliente<\/p>\n<\/div><\/div>\n\n\n\n<div class=\"wp-block-getwid-accordion__header-wrapper\"><span class=\"wp-block-getwid-accordion__header\"><a href=\"#\"><span class=\"wp-block-getwid-accordion__header-title\"><strong>Je souhaite annuler ma commande, comment puis-je proc\u00e9der ?<\/strong><\/span><span class=\"wp-block-getwid-accordion__icon is-active\"><i class=\"fas fa-angle-double-right\"><\/i><\/span><span class=\"wp-block-getwid-accordion__icon is-passive\"><i class=\"fas fa-minus\"><\/i><\/span><\/a><\/span><\/div><div class=\"wp-block-getwid-accordion__content-wrapper\"><div class=\"wp-block-getwid-accordion__content\">\n<p>Ve a tu cuenta de cliente, pesta\u00f1a de pedidos, y haz clic en \u00abcancelar mi pedido\u00bb.<\/p>\n\n\n\n<p>Si no puedes cancelar tu pedido manualmente, ponte en contacto con nosotros.<\/p>\n\n\n\n<p><em>La cancelaci\u00f3n s\u00f3lo es posible si el pago no se ha finalizado.<\/em><\/p>\n<\/div><\/div>\n<\/div>\n\n<div style=\"height:15px\" aria-hidden=\"true\" class=\"wp-block-spacer\"><\/div>\n\n<h2 class=\"wp-block-heading\">Secci\u00f3n 4. Informaci\u00f3n \u00fatil <\/h2>\n\n<div style=\"height:15px\" aria-hidden=\"true\" class=\"wp-block-spacer\"><\/div>\n\n<div class=\"wp-block-getwid-accordion has-icon-left\" data-active-element=\"none\">\n<div class=\"wp-block-getwid-accordion__header-wrapper\"><span class=\"wp-block-getwid-accordion__header\"><a href=\"#\"><span class=\"wp-block-getwid-accordion__header-title\"><strong>Quel est le d\u00e9lais pour une broderie ?<\/strong><\/span><span class=\"wp-block-getwid-accordion__icon is-active\"><i class=\"fas fa-angle-double-right\"><\/i><\/span><span class=\"wp-block-getwid-accordion__icon is-passive\"><i class=\"fas fa-minus\"><\/i><\/span><\/a><\/span><\/div><div class=\"wp-block-getwid-accordion__content-wrapper\"><div class=\"wp-block-getwid-accordion__content\">\n<p>El plazo de entrega aproximado var\u00eda entre 7 y 14 d\u00edas en funci\u00f3n de la carga de trabajo.  <\/p>\n\n\n\n<p>El plazo ser\u00e1 diferente para un cintur\u00f3n o un conjunto (Karategi, Judogi, etc.).<\/p>\n<\/div><\/div>\n\n\n\n<div class=\"wp-block-getwid-accordion__header-wrapper\"><span class=\"wp-block-getwid-accordion__header\"><a href=\"#\"><span class=\"wp-block-getwid-accordion__header-title\"><strong>Disposez-vous d\u2019une boutique physique ?<\/strong><\/span><span class=\"wp-block-getwid-accordion__icon is-active\"><i class=\"fas fa-angle-double-right\"><\/i><\/span><span class=\"wp-block-getwid-accordion__icon is-passive\"><i class=\"fas fa-minus\"><\/i><\/span><\/a><\/span><\/div><div class=\"wp-block-getwid-accordion__content-wrapper\"><div class=\"wp-block-getwid-accordion__content\">\n<p class=\"has-text-align-left\">No, no tenemos una tienda f\u00edsica abierta al p\u00fablico.<br\/>Trabajamos desde una sala de exposici\u00f3n, destinada principalmente a nuestros proveedores, as\u00ed como a representantes de clubes deportivos, federaciones y administraciones, para poder presentarles nuestros productos en las mejores condiciones posibles.<\/p>\n\n\n\n<p class=\"has-text-align-left\"><strong>Sin embargo, los pedidos pueden recogerse in situ, pero s\u00f3lo con cita previa.<\/strong><\/p>\n<\/div><\/div>\n\n\n\n<div class=\"wp-block-getwid-accordion__header-wrapper\"><span class=\"wp-block-getwid-accordion__header\"><a href=\"#\"><span class=\"wp-block-getwid-accordion__header-title\"><strong>Dans quelle langue le site est-il disponible ?<\/strong><\/span><span class=\"wp-block-getwid-accordion__icon is-active\"><i class=\"fas fa-angle-double-right\"><\/i><\/span><span class=\"wp-block-getwid-accordion__icon is-passive\"><i class=\"fas fa-minus\"><\/i><\/span><\/a><\/span><\/div><div class=\"wp-block-getwid-accordion__content-wrapper\"><div class=\"wp-block-getwid-accordion__content\">\n<p>Nuestro sitio web est\u00e1 ahora disponible en cinco idiomas: ingl\u00e9s, neerland\u00e9s, alem\u00e1n, italiano y espa\u00f1ol.<\/p>\n<\/div><\/div>\n\n\n\n<div class=\"wp-block-getwid-accordion__header-wrapper\"><span class=\"wp-block-getwid-accordion__header\"><a href=\"#\"><span class=\"wp-block-getwid-accordion__header-title\"><strong>Comment savoir si un article est r\u00e9ellement en stock ?<\/strong><\/span><span class=\"wp-block-getwid-accordion__icon is-active\"><i class=\"fas fa-angle-double-right\"><\/i><\/span><span class=\"wp-block-getwid-accordion__icon is-passive\"><i class=\"fas fa-minus\"><\/i><\/span><\/a><\/span><\/div><div class=\"wp-block-getwid-accordion__content-wrapper\"><div class=\"wp-block-getwid-accordion__content\">\n<p>En nuestro sitio, el hecho de que un art\u00edculo pueda seleccionarse o a\u00f1adirse a la cesta no significa necesariamente que est\u00e9 inmediatamente disponible en stock.<\/p>\n\n\n\n<p>Nuestra tienda online no gestiona las existencias en tiempo real. Por lo tanto, algunos art\u00edculos pueden pedirse aunque no est\u00e9n disponibles en el momento del pedido. <\/p>\n\n\n\n<p>Si un producto deja de estar disponible mientras se procesa tu pedido, nuestro equipo se pondr\u00e1 en contacto contigo r\u00e1pidamente para informarte del plazo de reposici\u00f3n de existencias o para ofrecerte una soluci\u00f3n adecuada.<\/p>\n\n\n\n<p>Si quieres saber la disponibilidad exacta de un art\u00edculo antes de hacer un pedido, <a href=\"mailto:f.leuci@daisho.be\">ponte en contacto con nosotros<\/a>.<\/p>\n<\/div><\/div>\n<\/div>\n\n<div class=\"wp-block-getwid-accordion has-icon-left\" data-active-element=\"none\">\n<div class=\"wp-block-getwid-accordion__header-wrapper\"><span class=\"wp-block-getwid-accordion__header\"><a href=\"#\"><span class=\"wp-block-getwid-accordion__header-title\"><strong>Les images des produits sont-elles toujours conformes au mat\u00e9riel re\u00e7u ?<\/strong><\/span><span class=\"wp-block-getwid-accordion__icon is-active\"><i class=\"fas fa-angle-double-right\"><\/i><\/span><span class=\"wp-block-getwid-accordion__icon is-passive\"><i class=\"fas fa-minus\"><\/i><\/span><\/a><\/span><\/div><div class=\"wp-block-getwid-accordion__content-wrapper\"><div class=\"wp-block-getwid-accordion__content\">\n<p><strong>No necesariamente.<\/strong>  Depende de las marcas, las colecciones y las novedades. Daisho depende de las marcas que distribuye, y las fotos de los productos son suministradas directamente por ellas. Por lo tanto, puede ocurrir que haya ciertas diferencias entre las im\u00e1genes presentadas en el sitio y los equipos realmente recibidos. <\/p>\n<\/div><\/div>\n<\/div>\n\n<div style=\"height:15px\" aria-hidden=\"true\" class=\"wp-block-spacer\"><\/div>\n\n<h2 class=\"wp-block-heading\">Secci\u00f3n 5: Asesoramiento <\/h2>\n\n<div style=\"height:15px\" aria-hidden=\"true\" class=\"wp-block-spacer\"><\/div>\n\n<div class=\"wp-block-getwid-accordion has-icon-left\" data-active-element=\"none\">\n<div class=\"wp-block-getwid-accordion__header-wrapper\"><span class=\"wp-block-getwid-accordion__header\"><a href=\"#\"><span class=\"wp-block-getwid-accordion__header-title\"><strong>Comment bien nettoyer ses tatamis ? <\/strong><\/span><span class=\"wp-block-getwid-accordion__icon is-active\"><i class=\"fas fa-angle-double-right\"><\/i><\/span><span class=\"wp-block-getwid-accordion__icon is-passive\"><i class=\"fas fa-minus\"><\/i><\/span><\/a><\/span><\/div><div class=\"wp-block-getwid-accordion__content-wrapper\"><div class=\"wp-block-getwid-accordion__content\">\n<p>Limpiar tus tatamis es esencial, sobre todo para garantizar una buena higiene. Para una limpieza eficaz, te recomendamos que utilices agua clara y un pa\u00f1o h\u00famedo. Si deseas utilizar un producto de limpieza, aseg\u00farate de elegir uno con pH neutro. Utilizar una aspiradora robot tambi\u00e9n puede ser una buena soluci\u00f3n para el mantenimiento regular de tus tatamis. Por otra parte, desaconsejamos encarecidamente el uso de productos como Dettol o lej\u00eda, as\u00ed como la limpieza \u00aba alta presi\u00f3n\u00bb, que pueden da\u00f1ar los tatamis. Puedes ver un v\u00eddeo explicativo aqu\u00ed: https: <a href=\"https:\/\/youtu.be\/O5ublBc-tcc\">\/\/youtu.be\/O5ublBc-tcc<\/a>     <\/p>\n<\/div><\/div>\n\n\n\n<div class=\"wp-block-getwid-accordion__header-wrapper\"><span class=\"wp-block-getwid-accordion__header\"><a href=\"#\"><span class=\"wp-block-getwid-accordion__header-title\"><strong>Comment bien installer ses tatamis ?<\/strong> <\/span><span class=\"wp-block-getwid-accordion__icon is-active\"><i class=\"fas fa-angle-double-right\"><\/i><\/span><span class=\"wp-block-getwid-accordion__icon is-passive\"><i class=\"fas fa-minus\"><\/i><\/span><\/a><\/span><\/div><div class=\"wp-block-getwid-accordion__content-wrapper\"><div class=\"wp-block-getwid-accordion__content\">\n<p>La instalaci\u00f3n de los tatamis es una etapa t\u00e9cnica que requiere rigor y precisi\u00f3n. Para ayudarte a instalarlos correctamente, hemos elaborado un v\u00eddeo explicativo: https: <a href=\"https:\/\/youtu.be\/ZqgQTD1FaaQ\">\/\/youtu.be\/ZqgQTD1FaaQ<\/a>  <\/p>\n<\/div><\/div>\n<\/div>\n\n<div class=\"wp-block-getwid-accordion has-icon-left\" data-active-element=\"none\">\n<div class=\"wp-block-getwid-accordion__header-wrapper\"><span class=\"wp-block-getwid-accordion__header\"><a href=\"#\"><span class=\"wp-block-getwid-accordion__header-title\"><strong>Comment choisir un karategi adapt\u00e9 au kumite et un karategi con\u00e7u pour le kata ?<\/strong><\/span><span class=\"wp-block-getwid-accordion__icon is-active\"><i class=\"fas fa-angle-double-right\"><\/i><\/span><span class=\"wp-block-getwid-accordion__icon is-passive\"><i class=\"fas fa-minus\"><\/i><\/span><\/a><\/span><\/div><div class=\"wp-block-getwid-accordion__content-wrapper\"><div class=\"wp-block-getwid-accordion__content\">\n<p>El karategi de kumite es m\u00e1s ligero y flexible. Suele tener varias zonas de ventilaci\u00f3n para favorecer la transpirabilidad y suele estar hecho de poli\u00e9ster. <\/p>\n\n\n\n<p><\/p>\n\n\n\n<p>El kata karategi es m\u00e1s r\u00edgido y pesado. Est\u00e1 hecho principalmente de algod\u00f3n, lo que le confiere una mejor sujeci\u00f3n y una ejecuci\u00f3n m\u00e1s n\u00edtida de las t\u00e9cnicas. <\/p>\n\n\n\n<p>Encuentra todos nuestros karategis haciendo clic en este enlace: https: <a href=\"https:\/\/www.daisho.be\/?s=karategi&amp;post_type=product\">\/\/www.daisho.be\/?s=karategi&amp;post_type=product<\/a><\/p>\n<\/div><\/div>\n\n\n\n<div class=\"wp-block-getwid-accordion__header-wrapper\"><span class=\"wp-block-getwid-accordion__header\"><a href=\"#\"><span class=\"wp-block-getwid-accordion__header-title\"><strong>Quels sont les \u00e9quipements dont j&#8217;ai besoin pour aller en comp\u00e9tition ? <\/strong><\/span><span class=\"wp-block-getwid-accordion__icon is-active\"><i class=\"fas fa-angle-double-right\"><\/i><\/span><span class=\"wp-block-getwid-accordion__icon is-passive\"><i class=\"fas fa-minus\"><\/i><\/span><\/a><\/span><\/div><div class=\"wp-block-getwid-accordion__content-wrapper\"><div class=\"wp-block-getwid-accordion__content\">\n<p>Para participar en una competici\u00f3n, debes disponer de todo el equipo de protecci\u00f3n exigido por tu federaci\u00f3n. En k\u00e1rate, el equipamiento homologado por la WKF es esencial para garantizar la seguridad de los practicantes y el cumplimiento de las normas en competici\u00f3n. Esto incluye un karategi de kumite y un karategi de kata, protectores rojos o azules, un protector bucal, un cintur\u00f3n rojo y un cintur\u00f3n azul, un protector corporal homologado (con protector pectoral para las mujeres) y protectores de cadera homologados para los competidores masculinos. Todo este equipo debe ser del tipo aprobado por la WKF para ser aceptado en competici\u00f3n.   <\/p>\n\n\n\n<p><\/p>\n\n\n\n<p><strong>Para los competidores menores de 14 a\u00f1os, la WKF tambi\u00e9n impone un equipo espec\u00edfico de la \u00abLiga Juvenil<\/strong> \u00ab: el uso de un casco con visera (pantalla facial) y un protector pectoral externo homologado es obligatorio para reforzar la protecci\u00f3n durante los combates.<\/p>\n\n\n\n<p><\/p>\n\n\n\n<p>Por \u00faltimo, es importante respetar las normas de vestimenta: el karategi blanco debe cumplir las normas (sin bordados ni adornos no autorizados), y los colores del karategi o de las bandas deben ajustarse a las directivas vigentes.<\/p>\n\n\n\n<p><\/p>\n\n\n\n<p>Para las competiciones organizadas por otras federaciones, como la Asociaci\u00f3n Japonesa de K\u00e1rate (JKA), los requisitos pueden diferir de los de la WKF. En la JKA, las normas suelen ser m\u00e1s tradicionales y hacen hincapi\u00e9 en una vestimenta sobria y uniforme. <\/p>\n\n\n\n<p>Es obligatorio llevar <strong>guantes blancos<\/strong>, un <strong>cintur\u00f3n rojo (AKA) y un cintur\u00f3n blanco (SHIRO<\/strong> ) para distinguir a los competidores, un <strong>protector bucal<\/strong> y una <strong>coraza protectora para los hombres<\/strong>. El karategi debe ser <strong>blanco, sin marcas excesivas<\/strong>, y ajustarse a las normas definidas por la federaci\u00f3n. <\/p>\n\n\n\n<p><\/p>\n\n\n\n<p>Como cada organizaci\u00f3n tiene sus propias normas, siempre es aconsejable comprobar los requisitos espec\u00edficos con la federaci\u00f3n u organizador de la competici\u00f3n.<\/p>\n<\/div><\/div>\n<\/div>\n\n<div class=\"wp-block-getwid-accordion has-icon-left\" data-active-element=\"none\">\n<div class=\"wp-block-getwid-accordion__header-wrapper\"><span class=\"wp-block-getwid-accordion__header\"><a href=\"#\"><span class=\"wp-block-getwid-accordion__header-title\"><strong>Puis-je acheter des \u00e9quipements valid\u00e9s par la WKF chez Daisho ? <\/strong><\/span><span class=\"wp-block-getwid-accordion__icon is-active\"><i class=\"fas fa-angle-double-right\"><\/i><\/span><span class=\"wp-block-getwid-accordion__icon is-passive\"><i class=\"fas fa-minus\"><\/i><\/span><\/a><\/span><\/div><div class=\"wp-block-getwid-accordion__content-wrapper\"><div class=\"wp-block-getwid-accordion__content\">\n<p>S\u00ed, en Daisho puedes encontrar material homologado por la WKF.<br\/>Ofrecemos una amplia gama de productos homologados por la WKF, lo que garantiza su conformidad para las competiciones oficiales nacionales e internacionales.<\/p>\n\n\n\n<p><\/p>\n\n\n\n<p>Encontrar\u00e1s equipamiento de marcas l\u00edderes como Adidas y Tokaido: karategi homologado, guantes rojos y azules, espinilleras y protectores de pies, protectores pectorales, protectores bucales, orejeras, as\u00ed como equipamiento espec\u00edfico para categor\u00edas juveniles.<\/p>\n\n\n\n<p><\/p>\n\n\n\n<p>Todos los productos que llevan la marca <strong>WKF Approved<\/strong> cumplen las normas t\u00e9cnicas y de seguridad impuestas por la federaci\u00f3n. Seleccionamos estos productos para garantizar a nuestros clientes equipos fiables, conformes y listos para la competici\u00f3n.   <\/p>\n<\/div><\/div>\n\n\n\n<div class=\"wp-block-getwid-accordion__header-wrapper\"><span class=\"wp-block-getwid-accordion__header\"><a href=\"#\"><span class=\"wp-block-getwid-accordion__header-title\"><strong>Puis-je acheter des \u00e9quipements valid\u00e9s par l&#8217;IJF chez Daisho ? <\/strong><\/span><span class=\"wp-block-getwid-accordion__icon is-active\"><i class=\"fas fa-angle-double-right\"><\/i><\/span><span class=\"wp-block-getwid-accordion__icon is-passive\"><i class=\"fas fa-minus\"><\/i><\/span><\/a><\/span><\/div><div class=\"wp-block-getwid-accordion__content-wrapper\"><div class=\"wp-block-getwid-accordion__content\">\n<p>Puedes comprar equipamiento homologado por la FIJ directamente en Daisho.<br\/>Para participar en competiciones oficiales, tu equipamiento debe cumplir los requisitos establecidos por la Federaci\u00f3n Internacional de Judo.<\/p>\n\n\n\n<p><\/p>\n\n\n\n<p>Ofrecemos judogi certificados por la FIJ en blanco y azul, que cumplen los criterios reglamentarios (corte, dimensiones, peso y etiqueta oficial). Estos modelos son adecuados para los controles previos a los combates en competiciones nacionales e internacionales. <\/p>\n\n\n\n<p><\/p>\n\n\n\n<p>Tambi\u00e9n encontrar\u00e1s cinturones homologados por la FIJ que cumplen las normas exigidas para la competici\u00f3n.<\/p>\n\n\n\n<p><\/p>\n\n\n\n<p>Al elegir productos homologados por la FIJ, puedes estar seguro de que tu equipamiento ha sido validado y est\u00e1 preparado para las exigencias del deporte de alto nivel.<\/p>\n<\/div><\/div>\n<\/div>\n\n<div class=\"wp-block-getwid-accordion has-icon-left\" data-active-element=\"none\">\n<div class=\"wp-block-getwid-accordion__header-wrapper\"><span class=\"wp-block-getwid-accordion__header\"><a href=\"#\"><span class=\"wp-block-getwid-accordion__header-title\"><strong>Quel kimono devez-vous choisir pour d\u00e9buter le karat\u00e9 ?<\/strong><\/span><span class=\"wp-block-getwid-accordion__icon is-active\"><i class=\"fas fa-angle-double-right\"><\/i><\/span><span class=\"wp-block-getwid-accordion__icon is-passive\"><i class=\"fas fa-minus\"><\/i><\/span><\/a><\/span><\/div><div class=\"wp-block-getwid-accordion__content-wrapper\"><div class=\"wp-block-getwid-accordion__content\">\n<p>Para iniciarte en el k\u00e1rate, te recomendamos que optes por <strong>dos karategis de iniciaci\u00f3n<\/strong>, pr\u00e1cticos y c\u00f3modos para un entrenamiento regular.  <\/p>\n\n\n\n<p><\/p>\n\n\n\n<p>El <strong>Shoshin<\/strong> de <strong>Tokaido<\/strong> es un karategi sencillo y fiable dise\u00f1ado para principiantes. De <strong>Adidas<\/strong>, el modelo <strong>Evolution<\/strong> tambi\u00e9n es una buena opci\u00f3n para principiantes, gracias a su buena relaci\u00f3n calidad-precio y a su comodidad. <\/p>\n\n\n\n<p><\/p>\n\n\n\n<p>Estos dos modelos est\u00e1n especialmente recomendados para principiantes, ya que ofrecen la flexibilidad, ligereza y resistencia necesarias para aprender en las condiciones adecuadas.<\/p>\n<\/div><\/div>\n<\/div>\n\n<hr class=\"wp-block-separator has-alpha-channel-opacity\"\/>\n\n<p class=\"has-text-align-center\">Tambi\u00e9n te invitamos a consultar nuestras <a href=\"https:\/\/www.daisho.be\/wp-content\/uploads\/2019\/09\/CGV_012020.pdf\" target=\"_blank\" rel=\"noreferrer noopener\">Condiciones Generales<\/a> para obtener informaci\u00f3n m\u00e1s detallada.<\/p>\n\n<p class=\"has-text-align-center\">Si no encuentras la respuesta a tu pregunta, \u00a1no dudes en ponerte en contacto con nosotros!<\/p>\n\n<p class=\"has-text-align-center\"><br\/>C<strong>orreo:<\/strong> <a href=\"mailto:f.leuci@daisho.be\" target=\"_blank\" rel=\"noreferrer noopener\">Servicio de Atenci\u00f3n al Cliente<\/a><strong>Tel\u00e9fono:<\/strong> +32 (064)\/86.76.20<\/p>\n\n<p class=\"has-text-align-center has-text-font-size\"><em>Cuando te pongas en contacto con nosotros, no olvides indicar tu n\u00famero de pedido.<\/em><\/p>\n\n<p><\/p>\n","protected":false},"excerpt":{"rendered":"<p>Preguntas m\u00e1s frecuentes Nuestras preguntas frecuentes han sido dise\u00f1adas para darte todas las respuestas que necesitas. Aqu\u00ed encontrar\u00e1s informaci\u00f3n sobre nuestro servicio de entrega, devoluciones y cambios. Secci\u00f3n 1. Entregas o retirada. Secci\u00f3n 2. Intercambios Secci\u00f3n 3. Retirada o cancelaci\u00f3n Secci\u00f3n 4. Informaci\u00f3n \u00fatil Secci\u00f3n 5: Asesoramiento Tambi\u00e9n te invitamos a consultar nuestras Condiciones Generales [&hellip;]<\/p>\n","protected":false},"author":448,"featured_media":0,"parent":0,"menu_order":0,"comment_status":"closed","ping_status":"closed","template":"","meta":{"inline_featured_image":false,"footnotes":""},"class_list":["post-426445","page","type-page","status-publish","hentry"],"yoast_head":"<!-- This site is optimized with the Yoast SEO plugin v27.2 - https:\/\/yoast.com\/product\/yoast-seo-wordpress\/ -->\n<title>PREGUNTAS FRECUENTES &#8211; Daisho<\/title>\n<meta name=\"robots\" content=\"index, follow, max-snippet:-1, max-image-preview:large, max-video-preview:-1\" \/>\n<link rel=\"canonical\" href=\"https:\/\/www.daisho.be\/es\/preguntas-frecuentes\/\" \/>\n<meta property=\"og:locale\" content=\"es_ES\" \/>\n<meta property=\"og:type\" content=\"article\" \/>\n<meta property=\"og:title\" content=\"PREGUNTAS FRECUENTES &#8211; Daisho\" \/>\n<meta property=\"og:description\" content=\"Preguntas m\u00e1s frecuentes Nuestras preguntas frecuentes han sido dise\u00f1adas para darte todas las respuestas que necesitas. Aqu\u00ed encontrar\u00e1s informaci\u00f3n sobre nuestro servicio de entrega, devoluciones y cambios. Secci\u00f3n 1. Entregas o retirada. Secci\u00f3n 2. Intercambios Secci\u00f3n 3. Retirada o cancelaci\u00f3n Secci\u00f3n 4. Informaci\u00f3n \u00fatil Secci\u00f3n 5: Asesoramiento Tambi\u00e9n te invitamos a consultar nuestras Condiciones Generales [&hellip;]\" \/>\n<meta property=\"og:url\" content=\"https:\/\/www.daisho.be\/es\/preguntas-frecuentes\/\" \/>\n<meta property=\"og:site_name\" content=\"Daisho\" \/>\n<meta property=\"article:modified_time\" content=\"2026-04-20T12:36:57+00:00\" \/>\n<meta name=\"twitter:card\" content=\"summary_large_image\" \/>\n<meta name=\"twitter:label1\" content=\"Tiempo de lectura\" \/>\n\t<meta name=\"twitter:data1\" content=\"11 minutos\" \/>\n<script type=\"application\/ld+json\" class=\"yoast-schema-graph\">{\"@context\":\"https:\/\/schema.org\",\"@graph\":[{\"@type\":\"WebPage\",\"@id\":\"https:\/\/www.daisho.be\/es\/preguntas-frecuentes\/\",\"url\":\"https:\/\/www.daisho.be\/es\/preguntas-frecuentes\/\",\"name\":\"PREGUNTAS FRECUENTES &#8211; Daisho\",\"isPartOf\":{\"@id\":\"https:\/\/www.daisho.be\/es\/#website\"},\"datePublished\":\"2024-08-08T13:16:53+00:00\",\"dateModified\":\"2026-04-20T12:36:57+00:00\",\"breadcrumb\":{\"@id\":\"https:\/\/www.daisho.be\/es\/preguntas-frecuentes\/#breadcrumb\"},\"inLanguage\":\"es\",\"potentialAction\":[{\"@type\":\"ReadAction\",\"target\":[\"https:\/\/www.daisho.be\/es\/preguntas-frecuentes\/\"]}]},{\"@type\":\"BreadcrumbList\",\"@id\":\"https:\/\/www.daisho.be\/es\/preguntas-frecuentes\/#breadcrumb\",\"itemListElement\":[{\"@type\":\"ListItem\",\"position\":1,\"name\":\"Accueil\",\"item\":\"https:\/\/www.daisho.be\/es\/\"},{\"@type\":\"ListItem\",\"position\":2,\"name\":\"PREGUNTAS FRECUENTES\"}]},{\"@type\":\"WebSite\",\"@id\":\"https:\/\/www.daisho.be\/es\/#website\",\"url\":\"https:\/\/www.daisho.be\/es\/\",\"name\":\"Daisho\",\"description\":\"Sp&eacute;cialiste de l'&eacute;quipement sportif d'arts martiaux\",\"publisher\":{\"@id\":\"https:\/\/www.daisho.be\/es\/#organization\"},\"potentialAction\":[{\"@type\":\"SearchAction\",\"target\":{\"@type\":\"EntryPoint\",\"urlTemplate\":\"https:\/\/www.daisho.be\/es\/?s={search_term_string}\"},\"query-input\":{\"@type\":\"PropertyValueSpecification\",\"valueRequired\":true,\"valueName\":\"search_term_string\"}}],\"inLanguage\":\"es\"},{\"@type\":\"Organization\",\"@id\":\"https:\/\/www.daisho.be\/es\/#organization\",\"name\":\"Daisho\",\"url\":\"https:\/\/www.daisho.be\/es\/\",\"logo\":{\"@type\":\"ImageObject\",\"inLanguage\":\"es\",\"@id\":\"https:\/\/www.daisho.be\/es\/#\/schema\/logo\/image\/\",\"url\":\"https:\/\/www.daisho.be\/wp-content\/uploads\/2019\/07\/color-nothing-horizontale4x-e1564486100247.png\",\"contentUrl\":\"https:\/\/www.daisho.be\/wp-content\/uploads\/2019\/07\/color-nothing-horizontale4x-e1564486100247.png\",\"width\":1547,\"height\":385,\"caption\":\"Daisho\"},\"image\":{\"@id\":\"https:\/\/www.daisho.be\/es\/#\/schema\/logo\/image\/\"}}]}<\/script>\n<!-- \/ Yoast SEO plugin. -->","yoast_head_json":{"title":"PREGUNTAS FRECUENTES &#8211; Daisho","robots":{"index":"index","follow":"follow","max-snippet":"max-snippet:-1","max-image-preview":"max-image-preview:large","max-video-preview":"max-video-preview:-1"},"canonical":"https:\/\/www.daisho.be\/es\/preguntas-frecuentes\/","og_locale":"es_ES","og_type":"article","og_title":"PREGUNTAS FRECUENTES &#8211; Daisho","og_description":"Preguntas m\u00e1s frecuentes Nuestras preguntas frecuentes han sido dise\u00f1adas para darte todas las respuestas que necesitas. Aqu\u00ed encontrar\u00e1s informaci\u00f3n sobre nuestro servicio de entrega, devoluciones y cambios. Secci\u00f3n 1. Entregas o retirada. Secci\u00f3n 2. Intercambios Secci\u00f3n 3. Retirada o cancelaci\u00f3n Secci\u00f3n 4. Informaci\u00f3n \u00fatil Secci\u00f3n 5: Asesoramiento Tambi\u00e9n te invitamos a consultar nuestras Condiciones Generales [&hellip;]","og_url":"https:\/\/www.daisho.be\/es\/preguntas-frecuentes\/","og_site_name":"Daisho","article_modified_time":"2026-04-20T12:36:57+00:00","twitter_card":"summary_large_image","twitter_misc":{"Tiempo de lectura":"11 minutos"},"schema":{"@context":"https:\/\/schema.org","@graph":[{"@type":"WebPage","@id":"https:\/\/www.daisho.be\/es\/preguntas-frecuentes\/","url":"https:\/\/www.daisho.be\/es\/preguntas-frecuentes\/","name":"PREGUNTAS FRECUENTES &#8211; Daisho","isPartOf":{"@id":"https:\/\/www.daisho.be\/es\/#website"},"datePublished":"2024-08-08T13:16:53+00:00","dateModified":"2026-04-20T12:36:57+00:00","breadcrumb":{"@id":"https:\/\/www.daisho.be\/es\/preguntas-frecuentes\/#breadcrumb"},"inLanguage":"es","potentialAction":[{"@type":"ReadAction","target":["https:\/\/www.daisho.be\/es\/preguntas-frecuentes\/"]}]},{"@type":"BreadcrumbList","@id":"https:\/\/www.daisho.be\/es\/preguntas-frecuentes\/#breadcrumb","itemListElement":[{"@type":"ListItem","position":1,"name":"Accueil","item":"https:\/\/www.daisho.be\/es\/"},{"@type":"ListItem","position":2,"name":"PREGUNTAS FRECUENTES"}]},{"@type":"WebSite","@id":"https:\/\/www.daisho.be\/es\/#website","url":"https:\/\/www.daisho.be\/es\/","name":"Daisho","description":"Sp&eacute;cialiste de l'&eacute;quipement sportif d'arts martiaux","publisher":{"@id":"https:\/\/www.daisho.be\/es\/#organization"},"potentialAction":[{"@type":"SearchAction","target":{"@type":"EntryPoint","urlTemplate":"https:\/\/www.daisho.be\/es\/?s={search_term_string}"},"query-input":{"@type":"PropertyValueSpecification","valueRequired":true,"valueName":"search_term_string"}}],"inLanguage":"es"},{"@type":"Organization","@id":"https:\/\/www.daisho.be\/es\/#organization","name":"Daisho","url":"https:\/\/www.daisho.be\/es\/","logo":{"@type":"ImageObject","inLanguage":"es","@id":"https:\/\/www.daisho.be\/es\/#\/schema\/logo\/image\/","url":"https:\/\/www.daisho.be\/wp-content\/uploads\/2019\/07\/color-nothing-horizontale4x-e1564486100247.png","contentUrl":"https:\/\/www.daisho.be\/wp-content\/uploads\/2019\/07\/color-nothing-horizontale4x-e1564486100247.png","width":1547,"height":385,"caption":"Daisho"},"image":{"@id":"https:\/\/www.daisho.be\/es\/#\/schema\/logo\/image\/"}}]}},"_links":{"self":[{"href":"https:\/\/www.daisho.be\/es\/wp-json\/wp\/v2\/pages\/426445","targetHints":{"allow":["GET"]}}],"collection":[{"href":"https:\/\/www.daisho.be\/es\/wp-json\/wp\/v2\/pages"}],"about":[{"href":"https:\/\/www.daisho.be\/es\/wp-json\/wp\/v2\/types\/page"}],"author":[{"embeddable":true,"href":"https:\/\/www.daisho.be\/es\/wp-json\/wp\/v2\/users\/448"}],"replies":[{"embeddable":true,"href":"https:\/\/www.daisho.be\/es\/wp-json\/wp\/v2\/comments?post=426445"}],"version-history":[{"count":39,"href":"https:\/\/www.daisho.be\/es\/wp-json\/wp\/v2\/pages\/426445\/revisions"}],"predecessor-version":[{"id":682850,"href":"https:\/\/www.daisho.be\/es\/wp-json\/wp\/v2\/pages\/426445\/revisions\/682850"}],"wp:attachment":[{"href":"https:\/\/www.daisho.be\/es\/wp-json\/wp\/v2\/media?parent=426445"}],"curies":[{"name":"wp","href":"https:\/\/api.w.org\/{rel}","templated":true}]}}