{"id":463533,"date":"2024-06-24T13:27:58","date_gmt":"2024-06-24T11:27:58","guid":{"rendered":"https:\/\/www.daisho.be\/produit\/rucksack-adidas-city-schwarz\/"},"modified":"2025-02-27T11:14:11","modified_gmt":"2025-02-27T10:14:11","slug":"rucksack-adidas-city-schwarz","status":"publish","type":"product","link":"https:\/\/www.daisho.be\/de\/produit\/rucksack-adidas-city-schwarz\/","title":{"rendered":"Rucksack Adidas City schwarz"},"content":{"rendered":"<p>Mit diesem Rucksack von adidas steht einem erfolgreichen Tag nichts mehr im Wege.<br \/>\nEr verf\u00fcgt \u00fcber ein Fach f\u00fcr einen Laptop und einen abnehmbaren Schl\u00fcsselanh\u00e4nger.<br \/>\nIn den gewebten Taschen auf der Vorderseite und den Seitentaschen k\u00f6nnen Sie Wasserflaschen und andere Dinge, die Sie ben\u00f6tigen, griffbereit aufbewahren.<br \/>\nDie gepolsterten Schultertr\u00e4ger und der Einsatz auf der R\u00fcckseite sind aus Mesh und sorgen f\u00fcr einen angenehmen Tragekomfort.<br \/>\nDieses Produkt ist Teil des Engagements gegen Plastikm\u00fcll.<br \/>\nMerkmale :<br \/>\n&#8211; Abmessungen: 21 cm x 30 cm x 55 cm<br \/>\n&#8211; Volumen: 24 l<br \/>\n&#8211; Au\u00dfenmaterial und Innenfutter: 100 % recyceltes Polyester (einfach gewebt)<br \/>\n&#8211; Hauptfach mit Rei\u00dfverschluss<br \/>\n&#8211; Gewebte Tasche auf der Vorderseite; Seitentaschen mit Schnallenverschluss<br \/>\n&#8211; Gepolstertes externes Laptopfach; zus\u00e4tzliches Fach mit Rei\u00dfverschluss<br \/>\n&#8211; Gepolsterte Schultergurte und R\u00fccken aus Air-Mesh<\/p>\n","protected":false},"excerpt":{"rendered":"<p>Mit diesem Rucksack von adidas steht einem erfolgreichen Tag nichts mehr im Wege. Er verf\u00fcgt \u00fcber ein Fach f\u00fcr einen Laptop und einen abnehmbaren Schl\u00fcsselanh\u00e4nger. In den gewebten Taschen auf der Vorderseite und den Seitentaschen k\u00f6nnen Sie Wasserflaschen und andere Dinge, die Sie ben\u00f6tigen, griffbereit aufbewahren. Die gepolsterten Schultertr\u00e4ger und der Einsatz auf der R\u00fcckseite [&hellip;]<\/p>\n","protected":false},"featured_media":463539,"comment_status":"open","ping_status":"closed","template":"","meta":{"inline_featured_image":false},"product_brand":[],"product_cat":[2061],"product_tag":[2178],"sport":[],"class_list":{"0":"post-463533","1":"product","2":"type-product","3":"status-publish","4":"has-post-thumbnail","6":"product_cat-sporttaschen","7":"product_tag-adidas-de","9":"first","10":"instock","11":"taxable","12":"shipping-taxable","13":"purchasable","14":"product-type-simple"},"yoast_head":"<!-- This site is optimized with the Yoast SEO plugin v27.2 - https:\/\/yoast.com\/product\/yoast-seo-wordpress\/ -->\n<title>Rucksack Adidas City schwarz &#8211; Daisho<\/title>\n<meta name=\"description\" content=\"Entdecken Sie den robusten und funktionellen Adidas City-Rucksack, der Sie ideal durch den Tag begleitet! Kaufen Sie ihn auf www.daisho.be\/Daisho\" \/>\n<meta name=\"robots\" content=\"index, follow, max-snippet:-1, max-image-preview:large, max-video-preview:-1\" \/>\n<link rel=\"canonical\" href=\"https:\/\/www.daisho.be\/de\/produit\/rucksack-adidas-city-schwarz\/\" \/>\n<meta property=\"og:locale\" content=\"de_DE\" \/>\n<meta property=\"og:type\" content=\"article\" \/>\n<meta property=\"og:title\" content=\"Rucksack Adidas City schwarz &#8211; Daisho\" \/>\n<meta property=\"og:description\" content=\"Entdecken Sie den robusten und funktionellen Adidas City-Rucksack, der Sie ideal durch den Tag begleitet! Kaufen Sie ihn auf www.daisho.be\/Daisho\" \/>\n<meta property=\"og:url\" content=\"https:\/\/www.daisho.be\/de\/produit\/rucksack-adidas-city-schwarz\/\" \/>\n<meta property=\"og:site_name\" content=\"Daisho\" \/>\n<meta property=\"article:modified_time\" content=\"2025-02-27T10:14:11+00:00\" \/>\n<meta property=\"og:image\" content=\"https:\/\/www.daisho.be\/wp-content\/uploads\/2024\/06\/image-9.webp\" \/>\n\t<meta property=\"og:image:width\" content=\"1057\" \/>\n\t<meta property=\"og:image:height\" content=\"1200\" \/>\n\t<meta property=\"og:image:type\" content=\"image\/webp\" \/>\n<meta name=\"twitter:card\" content=\"summary_large_image\" \/>\n<meta name=\"twitter:label1\" content=\"Gesch\u00e4tzte Lesezeit\" \/>\n\t<meta name=\"twitter:data1\" content=\"1\u00a0Minute\" \/>\n<script type=\"application\/ld+json\" class=\"yoast-schema-graph\">{\"@context\":\"https:\/\/schema.org\",\"@graph\":[{\"@type\":\"WebPage\",\"@id\":\"https:\/\/www.daisho.be\/de\/produit\/rucksack-adidas-city-schwarz\/\",\"url\":\"https:\/\/www.daisho.be\/de\/produit\/rucksack-adidas-city-schwarz\/\",\"name\":\"Rucksack Adidas City schwarz &#8211; Daisho\",\"isPartOf\":{\"@id\":\"https:\/\/www.daisho.be\/de\/#website\"},\"primaryImageOfPage\":{\"@id\":\"https:\/\/www.daisho.be\/de\/produit\/rucksack-adidas-city-schwarz\/#primaryimage\"},\"image\":{\"@id\":\"https:\/\/www.daisho.be\/de\/produit\/rucksack-adidas-city-schwarz\/#primaryimage\"},\"thumbnailUrl\":\"https:\/\/www.daisho.be\/wp-content\/uploads\/2024\/06\/image-9.webp\",\"datePublished\":\"2024-06-24T11:27:58+00:00\",\"dateModified\":\"2025-02-27T10:14:11+00:00\",\"description\":\"Entdecken Sie den robusten und funktionellen Adidas City-Rucksack, der Sie ideal durch den Tag begleitet! Kaufen Sie ihn auf www.daisho.be\/Daisho\",\"breadcrumb\":{\"@id\":\"https:\/\/www.daisho.be\/de\/produit\/rucksack-adidas-city-schwarz\/#breadcrumb\"},\"inLanguage\":\"de\",\"potentialAction\":[{\"@type\":\"ReadAction\",\"target\":[\"https:\/\/www.daisho.be\/de\/produit\/rucksack-adidas-city-schwarz\/\"]}]},{\"@type\":\"ImageObject\",\"inLanguage\":\"de\",\"@id\":\"https:\/\/www.daisho.be\/de\/produit\/rucksack-adidas-city-schwarz\/#primaryimage\",\"url\":\"https:\/\/www.daisho.be\/wp-content\/uploads\/2024\/06\/image-9.webp\",\"contentUrl\":\"https:\/\/www.daisho.be\/wp-content\/uploads\/2024\/06\/image-9.webp\",\"width\":1057,\"height\":1200,\"caption\":\"Rucksack Adidas City schwarz-1\"},{\"@type\":\"BreadcrumbList\",\"@id\":\"https:\/\/www.daisho.be\/de\/produit\/rucksack-adidas-city-schwarz\/#breadcrumb\",\"itemListElement\":[{\"@type\":\"ListItem\",\"position\":1,\"name\":\"Accueil\",\"item\":\"https:\/\/www.daisho.be\/de\/\"},{\"@type\":\"ListItem\",\"position\":2,\"name\":\"Produkte\",\"item\":\"https:\/\/www.daisho.be\/de\/produkte\/\"},{\"@type\":\"ListItem\",\"position\":3,\"name\":\"Kampfsportarten\",\"item\":\"https:\/\/www.daisho.be\/de\/categorie-produit\/kampfsportarten\/\"},{\"@type\":\"ListItem\",\"position\":4,\"name\":\"Sporttaschen\",\"item\":\"https:\/\/www.daisho.be\/de\/categorie-produit\/kampfsportarten\/sporttaschen\/\"},{\"@type\":\"ListItem\",\"position\":5,\"name\":\"Rucksack Adidas City schwarz\"}]},{\"@type\":\"WebSite\",\"@id\":\"https:\/\/www.daisho.be\/de\/#website\",\"url\":\"https:\/\/www.daisho.be\/de\/\",\"name\":\"Daisho\",\"description\":\"Sp&eacute;cialiste de l'&eacute;quipement sportif d'arts martiaux\",\"publisher\":{\"@id\":\"https:\/\/www.daisho.be\/de\/#organization\"},\"potentialAction\":[{\"@type\":\"SearchAction\",\"target\":{\"@type\":\"EntryPoint\",\"urlTemplate\":\"https:\/\/www.daisho.be\/de\/?s={search_term_string}\"},\"query-input\":{\"@type\":\"PropertyValueSpecification\",\"valueRequired\":true,\"valueName\":\"search_term_string\"}}],\"inLanguage\":\"de\"},{\"@type\":\"Organization\",\"@id\":\"https:\/\/www.daisho.be\/de\/#organization\",\"name\":\"Daisho\",\"url\":\"https:\/\/www.daisho.be\/de\/\",\"logo\":{\"@type\":\"ImageObject\",\"inLanguage\":\"de\",\"@id\":\"https:\/\/www.daisho.be\/de\/#\/schema\/logo\/image\/\",\"url\":\"https:\/\/www.daisho.be\/wp-content\/uploads\/2019\/07\/color-nothing-horizontale4x-e1564486100247.png\",\"contentUrl\":\"https:\/\/www.daisho.be\/wp-content\/uploads\/2019\/07\/color-nothing-horizontale4x-e1564486100247.png\",\"width\":1547,\"height\":385,\"caption\":\"Daisho\"},\"image\":{\"@id\":\"https:\/\/www.daisho.be\/de\/#\/schema\/logo\/image\/\"}}]}<\/script>\n<!-- \/ Yoast SEO plugin. -->","yoast_head_json":{"title":"Rucksack Adidas City schwarz &#8211; Daisho","description":"Entdecken Sie den robusten und funktionellen Adidas City-Rucksack, der Sie ideal durch den Tag begleitet! Kaufen Sie ihn auf www.daisho.be\/Daisho","robots":{"index":"index","follow":"follow","max-snippet":"max-snippet:-1","max-image-preview":"max-image-preview:large","max-video-preview":"max-video-preview:-1"},"canonical":"https:\/\/www.daisho.be\/de\/produit\/rucksack-adidas-city-schwarz\/","og_locale":"de_DE","og_type":"article","og_title":"Rucksack Adidas City schwarz &#8211; Daisho","og_description":"Entdecken Sie den robusten und funktionellen Adidas City-Rucksack, der Sie ideal durch den Tag begleitet! Kaufen Sie ihn auf www.daisho.be\/Daisho","og_url":"https:\/\/www.daisho.be\/de\/produit\/rucksack-adidas-city-schwarz\/","og_site_name":"Daisho","article_modified_time":"2025-02-27T10:14:11+00:00","og_image":[{"width":1057,"height":1200,"url":"https:\/\/www.daisho.be\/wp-content\/uploads\/2024\/06\/image-9.webp","type":"image\/webp"}],"twitter_card":"summary_large_image","twitter_misc":{"Gesch\u00e4tzte Lesezeit":"1\u00a0Minute"},"schema":{"@context":"https:\/\/schema.org","@graph":[{"@type":"WebPage","@id":"https:\/\/www.daisho.be\/de\/produit\/rucksack-adidas-city-schwarz\/","url":"https:\/\/www.daisho.be\/de\/produit\/rucksack-adidas-city-schwarz\/","name":"Rucksack Adidas City schwarz &#8211; Daisho","isPartOf":{"@id":"https:\/\/www.daisho.be\/de\/#website"},"primaryImageOfPage":{"@id":"https:\/\/www.daisho.be\/de\/produit\/rucksack-adidas-city-schwarz\/#primaryimage"},"image":{"@id":"https:\/\/www.daisho.be\/de\/produit\/rucksack-adidas-city-schwarz\/#primaryimage"},"thumbnailUrl":"https:\/\/www.daisho.be\/wp-content\/uploads\/2024\/06\/image-9.webp","datePublished":"2024-06-24T11:27:58+00:00","dateModified":"2025-02-27T10:14:11+00:00","description":"Entdecken Sie den robusten und funktionellen Adidas City-Rucksack, der Sie ideal durch den Tag begleitet! Kaufen Sie ihn auf www.daisho.be\/Daisho","breadcrumb":{"@id":"https:\/\/www.daisho.be\/de\/produit\/rucksack-adidas-city-schwarz\/#breadcrumb"},"inLanguage":"de","potentialAction":[{"@type":"ReadAction","target":["https:\/\/www.daisho.be\/de\/produit\/rucksack-adidas-city-schwarz\/"]}]},{"@type":"ImageObject","inLanguage":"de","@id":"https:\/\/www.daisho.be\/de\/produit\/rucksack-adidas-city-schwarz\/#primaryimage","url":"https:\/\/www.daisho.be\/wp-content\/uploads\/2024\/06\/image-9.webp","contentUrl":"https:\/\/www.daisho.be\/wp-content\/uploads\/2024\/06\/image-9.webp","width":1057,"height":1200,"caption":"Rucksack Adidas City schwarz-1"},{"@type":"BreadcrumbList","@id":"https:\/\/www.daisho.be\/de\/produit\/rucksack-adidas-city-schwarz\/#breadcrumb","itemListElement":[{"@type":"ListItem","position":1,"name":"Accueil","item":"https:\/\/www.daisho.be\/de\/"},{"@type":"ListItem","position":2,"name":"Produkte","item":"https:\/\/www.daisho.be\/de\/produkte\/"},{"@type":"ListItem","position":3,"name":"Kampfsportarten","item":"https:\/\/www.daisho.be\/de\/categorie-produit\/kampfsportarten\/"},{"@type":"ListItem","position":4,"name":"Sporttaschen","item":"https:\/\/www.daisho.be\/de\/categorie-produit\/kampfsportarten\/sporttaschen\/"},{"@type":"ListItem","position":5,"name":"Rucksack Adidas City schwarz"}]},{"@type":"WebSite","@id":"https:\/\/www.daisho.be\/de\/#website","url":"https:\/\/www.daisho.be\/de\/","name":"Daisho","description":"Sp&eacute;cialiste de l'&eacute;quipement sportif d'arts martiaux","publisher":{"@id":"https:\/\/www.daisho.be\/de\/#organization"},"potentialAction":[{"@type":"SearchAction","target":{"@type":"EntryPoint","urlTemplate":"https:\/\/www.daisho.be\/de\/?s={search_term_string}"},"query-input":{"@type":"PropertyValueSpecification","valueRequired":true,"valueName":"search_term_string"}}],"inLanguage":"de"},{"@type":"Organization","@id":"https:\/\/www.daisho.be\/de\/#organization","name":"Daisho","url":"https:\/\/www.daisho.be\/de\/","logo":{"@type":"ImageObject","inLanguage":"de","@id":"https:\/\/www.daisho.be\/de\/#\/schema\/logo\/image\/","url":"https:\/\/www.daisho.be\/wp-content\/uploads\/2019\/07\/color-nothing-horizontale4x-e1564486100247.png","contentUrl":"https:\/\/www.daisho.be\/wp-content\/uploads\/2019\/07\/color-nothing-horizontale4x-e1564486100247.png","width":1547,"height":385,"caption":"Daisho"},"image":{"@id":"https:\/\/www.daisho.be\/de\/#\/schema\/logo\/image\/"}}]}},"_links":{"self":[{"href":"https:\/\/www.daisho.be\/de\/wp-json\/wp\/v2\/product\/463533","targetHints":{"allow":["GET"]}}],"collection":[{"href":"https:\/\/www.daisho.be\/de\/wp-json\/wp\/v2\/product"}],"about":[{"href":"https:\/\/www.daisho.be\/de\/wp-json\/wp\/v2\/types\/product"}],"replies":[{"embeddable":true,"href":"https:\/\/www.daisho.be\/de\/wp-json\/wp\/v2\/comments?post=463533"}],"wp:featuredmedia":[{"embeddable":true,"href":"https:\/\/www.daisho.be\/de\/wp-json\/wp\/v2\/media\/463539"}],"wp:attachment":[{"href":"https:\/\/www.daisho.be\/de\/wp-json\/wp\/v2\/media?parent=463533"}],"wp:term":[{"taxonomy":"product_brand","embeddable":true,"href":"https:\/\/www.daisho.be\/de\/wp-json\/wp\/v2\/product_brand?post=463533"},{"taxonomy":"product_cat","embeddable":true,"href":"https:\/\/www.daisho.be\/de\/wp-json\/wp\/v2\/product_cat?post=463533"},{"taxonomy":"product_tag","embeddable":true,"href":"https:\/\/www.daisho.be\/de\/wp-json\/wp\/v2\/product_tag?post=463533"},{"taxonomy":"sport","embeddable":true,"href":"https:\/\/www.daisho.be\/de\/wp-json\/wp\/v2\/sport?post=463533"}],"curies":[{"name":"wp","href":"https:\/\/api.w.org\/{rel}","templated":true}]}}